{"id":230,"date":"2021-03-23T16:43:54","date_gmt":"2021-03-23T15:43:54","guid":{"rendered":"https:\/\/schwabenhilfe.de\/kinder\/?page_id=230"},"modified":"2024-05-23T15:05:14","modified_gmt":"2024-05-23T13:05:14","slug":"aktuelles","status":"publish","type":"page","link":"https:\/\/schwabenhilfe.de\/kinder\/aktuelles\/","title":{"rendered":"Aktuelles"},"content":{"rendered":"<h1 style=\"text-align: center;\" data-tadv-p=\"keep\">Aktuelles<\/h1>\n<div class=\"sh-spec-posts-formart\"> <div class=\"sh-spec-posts-inner\"><div class=\"sh-spec-posts-date-formart\"><div class=\"sh-spec-posts-date-inner\"><div class=\"sh-spec-posts-date-year\">2026<\/div><div class=\"sh-spec-posts-date-date\">29.04<\/div><\/div><\/div><a href=\"https:\/\/schwabenhilfe.de\/kinder\/kreative-fruehlingsgruesse-aus-dem-sandkasten-die-sve-illertissen-zaubert-mandalas\/\"><div class=\"sh-spec-posts-headline\">Kreative Fr\u00fchlingsgr\u00fc\u00dfe aus dem Sandkasten \u2013 Die SVE Illertissen zaubert Mandalas<\/div><\/a><a href=\"https:\/\/schwabenhilfe.de\/kinder\/kreative-fruehlingsgruesse-aus-dem-sandkasten-die-sve-illertissen-zaubert-mandalas\/\"><img decoding=\"async\" src=\"https:\/\/schwabenhilfe.de\/kinder\/sh-data\/uploads\/Mandala-am-Spielpaltz-Blog-800x1000.jpg\" class=\"thumb\"><\/a><p>Was passiert, wenn man Entdeckergeist mit der bunten Vielfalt des Fr\u00fchlings kombiniert? Es entstehen kleine Kunstwerke, die zum Verweilen einladen! Die Kinder der Schulvorbereitenden Einrichtung (SVE) Illertissen haben bei ihrem [&hellip;]<\/p><div style=\"margin-top:-5px;\"><\/div><div align=\"center\"><a href=\"https:\/\/schwabenhilfe.de\/kinder\/kreative-fruehlingsgruesse-aus-dem-sandkasten-die-sve-illertissen-zaubert-mandalas\/\" class=\"sh-button\">Weiterlesen <span class=\"meta-nav\">&rarr;<\/span><\/a><\/div><\/div><div class=\"sh-spec-posts-inner\"><div class=\"sh-spec-posts-date-formart\"><div class=\"sh-spec-posts-date-inner\"><div class=\"sh-spec-posts-date-year\">2026<\/div><div class=\"sh-spec-posts-date-date\">28.03<\/div><\/div><\/div><a href=\"https:\/\/schwabenhilfe.de\/kinder\/sve-mindelheim-der-osterhase-ist-da\/\"><div class=\"sh-spec-posts-headline\">SVE Mindelheim &#8211; Der Osterhase ist da!<\/div><\/a><a href=\"https:\/\/schwabenhilfe.de\/kinder\/sve-mindelheim-der-osterhase-ist-da\/\"><img decoding=\"async\" src=\"https:\/\/schwabenhilfe.de\/kinder\/sh-data\/uploads\/Design-ohne-Titel.jpg\" class=\"thumb\"><\/a><p><\/p><div style=\"margin-top:-5px;\"><\/div><div align=\"center\"><a href=\"https:\/\/schwabenhilfe.de\/kinder\/sve-mindelheim-der-osterhase-ist-da\/\" class=\"sh-button\">Weiterlesen <span class=\"meta-nav\">&rarr;<\/span><\/a><\/div><\/div><div class=\"sh-spec-posts-inner\"><div class=\"sh-spec-posts-date-formart\"><div class=\"sh-spec-posts-date-inner\"><div class=\"sh-spec-posts-date-year\">2026<\/div><div class=\"sh-spec-posts-date-date\">25.03<\/div><\/div><\/div><a href=\"https:\/\/schwabenhilfe.de\/kinder\/das-kleine-wir-sve-neu-ulm\/\"><div class=\"sh-spec-posts-headline\">Das kleine &#8222;Wir&#8220; &#8211; SVE Neu-Ulm<\/div><\/a><a href=\"https:\/\/schwabenhilfe.de\/kinder\/das-kleine-wir-sve-neu-ulm\/\"><img decoding=\"async\" src=\"https:\/\/schwabenhilfe.de\/kinder\/sh-data\/uploads\/original-CF74D06B-1E22-4906-9555-C033C0520EEF-750x1000.jpeg\" class=\"thumb\"><\/a><p>Das kleine WIR: Wie aus einem \u201eDu und Ich\u201c ein echtes Team wird In unserer p\u00e4dagogischen Arbeit stolpern wir immer wieder \u00fcber eine ganz zentrale Frage: Wie erkl\u00e4ren wir Kindern [&hellip;]<\/p><div style=\"margin-top:-5px;\"><\/div><div align=\"center\"><a href=\"https:\/\/schwabenhilfe.de\/kinder\/das-kleine-wir-sve-neu-ulm\/\" class=\"sh-button\">Weiterlesen <span class=\"meta-nav\">&rarr;<\/span><\/a><\/div><\/div><div class=\"sh-spec-posts-inner\"><div class=\"sh-spec-posts-date-formart\"><div class=\"sh-spec-posts-date-inner\"><div class=\"sh-spec-posts-date-year\">2026<\/div><div class=\"sh-spec-posts-date-date\">24.03<\/div><\/div><\/div><a href=\"https:\/\/schwabenhilfe.de\/kinder\/die-sve-friedberg-bastelt\/\"><div class=\"sh-spec-posts-headline\">Die SVE Friedberg bastelt!<\/div><\/a><a href=\"https:\/\/schwabenhilfe.de\/kinder\/die-sve-friedberg-bastelt\/\"><img decoding=\"async\" src=\"https:\/\/schwabenhilfe.de\/kinder\/sh-data\/uploads\/SVE-Friedberg-bastelt-Collage-800x1000.jpg\" class=\"thumb\"><\/a><p>Wer denkt, dass beim Basteln in der Osterzeit \u201anur\u2018 bunte Kunstwerke entstehen, untersch\u00e4tzt die kleinen H\u00e4nde bei der Arbeit. Hinter jeder gesteckten Perle und jedem gepusteten Farbtropfen verbirgt sich ein [&hellip;]<\/p><div style=\"margin-top:-5px;\"><\/div><div align=\"center\"><a href=\"https:\/\/schwabenhilfe.de\/kinder\/die-sve-friedberg-bastelt\/\" class=\"sh-button\">Weiterlesen <span class=\"meta-nav\">&rarr;<\/span><\/a><\/div><\/div><div class=\"sh-spec-posts-inner\"><div class=\"sh-spec-posts-date-formart\"><div class=\"sh-spec-posts-date-inner\"><div class=\"sh-spec-posts-date-year\">2026<\/div><div class=\"sh-spec-posts-date-date\">24.03<\/div><\/div><\/div><a href=\"https:\/\/schwabenhilfe.de\/kinder\/sve-guenzach-osterspiele\/\"><div class=\"sh-spec-posts-headline\">SVE G\u00fcnzach &#8211; Osterspiele!<\/div><\/a><a href=\"https:\/\/schwabenhilfe.de\/kinder\/sve-guenzach-osterspiele\/\"><img decoding=\"async\" src=\"https:\/\/schwabenhilfe.de\/kinder\/sh-data\/uploads\/IMG_5267-750x1000.jpeg\" class=\"thumb\"><\/a><p>Bei den t\u00e4glichen Spielen in der SVE G\u00fcnzach dreht sich auch alles um Ostern oder das Ei! Es erfordert schon viel Geschicklichkeit auf den Balance-Igeln zu gehen und dabei ein [&hellip;]<\/p><div style=\"margin-top:-5px;\"><\/div><div align=\"center\"><a href=\"https:\/\/schwabenhilfe.de\/kinder\/sve-guenzach-osterspiele\/\" class=\"sh-button\">Weiterlesen <span class=\"meta-nav\">&rarr;<\/span><\/a><\/div><\/div><div class=\"sh-spec-posts-inner\"><div class=\"sh-spec-posts-date-formart\"><div class=\"sh-spec-posts-date-inner\"><div class=\"sh-spec-posts-date-year\">2026<\/div><div class=\"sh-spec-posts-date-date\">12.03<\/div><\/div><\/div><a href=\"https:\/\/schwabenhilfe.de\/kinder\/froehliche-ostervorbereitungen-in-der-sve-ried\/\"><div class=\"sh-spec-posts-headline\">Fr\u00f6hliche Ostervorbereitungen in der SVE Ried!<\/div><\/a><a href=\"https:\/\/schwabenhilfe.de\/kinder\/froehliche-ostervorbereitungen-in-der-sve-ried\/\"><img decoding=\"async\" src=\"https:\/\/schwabenhilfe.de\/kinder\/sh-data\/uploads\/bunte-Hasen-u.-Eier-am-Fenster-750x1000.jpg\" class=\"thumb\"><\/a><p>In den letzten Tagen waren die Kinder flei\u00dfig am Werk. Es entstehen bunte Sch\u00fctteleier, die wir f\u00fcr unsere Musikprojekte nutzen k\u00f6nnen, und nat\u00fcrlich sind auch die Ostert\u00fcten und viele kreative [&hellip;]<\/p><div style=\"margin-top:-5px;\"><\/div><div align=\"center\"><a href=\"https:\/\/schwabenhilfe.de\/kinder\/froehliche-ostervorbereitungen-in-der-sve-ried\/\" class=\"sh-button\">Weiterlesen <span class=\"meta-nav\">&rarr;<\/span><\/a><\/div><\/div><div class=\"sh-spec-posts-inner\"><div class=\"sh-spec-posts-date-formart\"><div class=\"sh-spec-posts-date-inner\"><div class=\"sh-spec-posts-date-year\">2026<\/div><div class=\"sh-spec-posts-date-date\">04.03<\/div><\/div><\/div><a href=\"https:\/\/schwabenhilfe.de\/kinder\/sve-neu-ulm-ausflug-in-die-stadtbuecherei\/\"><div class=\"sh-spec-posts-headline\">SVE Neu-Ulm &#8211; Ausflug in die Stadtb\u00fccherei<\/div><\/a><a href=\"https:\/\/schwabenhilfe.de\/kinder\/sve-neu-ulm-ausflug-in-die-stadtbuecherei\/\"><img decoding=\"async\" src=\"https:\/\/schwabenhilfe.de\/kinder\/sh-data\/uploads\/SVE-Neu-Ulm-in-der-Stadtbuecherei-800x1000.jpg\" class=\"thumb\"><\/a><p>Letzte Woche war der SVE Neu-Ulm in der Stadtb\u00fccherei Neu-Ulm bei der Veranstaltung \u201eGeschichtenschatz\u201c, die dort regelm\u00e4\u00dfig stattfindet und jedes Mal ein besonderes Erlebnis f\u00fcr die Kinder ist. Aus p\u00e4dagogischer [&hellip;]<\/p><div style=\"margin-top:-5px;\"><\/div><div align=\"center\"><a href=\"https:\/\/schwabenhilfe.de\/kinder\/sve-neu-ulm-ausflug-in-die-stadtbuecherei\/\" class=\"sh-button\">Weiterlesen <span class=\"meta-nav\">&rarr;<\/span><\/a><\/div><\/div><div class=\"sh-spec-posts-inner\"><div class=\"sh-spec-posts-date-formart\"><div class=\"sh-spec-posts-date-inner\"><div class=\"sh-spec-posts-date-year\">2026<\/div><div class=\"sh-spec-posts-date-date\">17.02<\/div><\/div><\/div><a href=\"https:\/\/schwabenhilfe.de\/kinder\/fasching-in-der-sve-memmingen\/\"><div class=\"sh-spec-posts-headline\">Fasching in der SVE Memmingen<\/div><\/a><a href=\"https:\/\/schwabenhilfe.de\/kinder\/fasching-in-der-sve-memmingen\/\"><img decoding=\"async\" src=\"https:\/\/schwabenhilfe.de\/kinder\/sh-data\/uploads\/Fasching-SVE-Memmingen-Bild-1-Seite-hoch-1080-x-1920-px-563x1000.jpg\" class=\"thumb\"><\/a><p>Im Dschungel von Memmingen: Vorsicht wilde Tiere!<\/p><div style=\"margin-top:-5px;\"><\/div><div align=\"center\"><a href=\"https:\/\/schwabenhilfe.de\/kinder\/fasching-in-der-sve-memmingen\/\" class=\"sh-button\">Weiterlesen <span class=\"meta-nav\">&rarr;<\/span><\/a><\/div><\/div><div class=\"sh-spec-posts-inner\"><div class=\"sh-spec-posts-date-formart\"><div class=\"sh-spec-posts-date-inner\"><div class=\"sh-spec-posts-date-year\">2026<\/div><div class=\"sh-spec-posts-date-date\">17.02<\/div><\/div><\/div><a href=\"https:\/\/schwabenhilfe.de\/kinder\/fasching-sve-sonthofen\/\"><div class=\"sh-spec-posts-headline\">Fasching SVE Sonthofen<\/div><\/a><a href=\"https:\/\/schwabenhilfe.de\/kinder\/fasching-sve-sonthofen\/\"><img decoding=\"async\" src=\"https:\/\/schwabenhilfe.de\/kinder\/sh-data\/uploads\/Fasching-SVE-Sonthofen-800x1000.jpg\" class=\"thumb\"><\/a><p><\/p><div style=\"margin-top:-5px;\"><\/div><div align=\"center\"><a href=\"https:\/\/schwabenhilfe.de\/kinder\/fasching-sve-sonthofen\/\" class=\"sh-button\">Weiterlesen <span class=\"meta-nav\">&rarr;<\/span><\/a><\/div><\/div><\/div><div class=\"sh-spec-nav-previous\"><a href=\"https:\/\/schwabenhilfe.de\/kinder\/wp-json\/wp\/v2\/pages\/230\/page\/2\/\" ><span class=\"meta-nav\">&larr;<\/span> &auml;ltere Nachrichten<\/a><\/div><div class=\"sh-spec-nav-next\"><\/div>\n","protected":false},"excerpt":{"rendered":"<p>Aktuelles<\/p>\n","protected":false},"author":2,"featured_media":0,"parent":0,"menu_order":0,"comment_status":"closed","ping_status":"closed","template":"","meta":{"footnotes":""},"categories":[1],"tags":[],"class_list":["post-230","page","type-page","status-publish","hentry","category-allgemein"],"_links":{"self":[{"href":"https:\/\/schwabenhilfe.de\/kinder\/wp-json\/wp\/v2\/pages\/230","targetHints":{"allow":["GET"]}}],"collection":[{"href":"https:\/\/schwabenhilfe.de\/kinder\/wp-json\/wp\/v2\/pages"}],"about":[{"href":"https:\/\/schwabenhilfe.de\/kinder\/wp-json\/wp\/v2\/types\/page"}],"author":[{"embeddable":true,"href":"https:\/\/schwabenhilfe.de\/kinder\/wp-json\/wp\/v2\/users\/2"}],"replies":[{"embeddable":true,"href":"https:\/\/schwabenhilfe.de\/kinder\/wp-json\/wp\/v2\/comments?post=230"}],"version-history":[{"count":5,"href":"https:\/\/schwabenhilfe.de\/kinder\/wp-json\/wp\/v2\/pages\/230\/revisions"}],"predecessor-version":[{"id":804,"href":"https:\/\/schwabenhilfe.de\/kinder\/wp-json\/wp\/v2\/pages\/230\/revisions\/804"}],"wp:attachment":[{"href":"https:\/\/schwabenhilfe.de\/kinder\/wp-json\/wp\/v2\/media?parent=230"}],"wp:term":[{"taxonomy":"category","embeddable":true,"href":"https:\/\/schwabenhilfe.de\/kinder\/wp-json\/wp\/v2\/categories?post=230"},{"taxonomy":"post_tag","embeddable":true,"href":"https:\/\/schwabenhilfe.de\/kinder\/wp-json\/wp\/v2\/tags?post=230"}],"curies":[{"name":"wp","href":"https:\/\/api.w.org\/{rel}","templated":true}]}}