{"id":199,"date":"2021-03-23T10:58:18","date_gmt":"2021-03-23T09:58:18","guid":{"rendered":"https:\/\/schwabenhilfe.de\/kinder\/?page_id=199"},"modified":"2022-02-22T15:41:38","modified_gmt":"2022-02-22T14:41:38","slug":"geschichte-der-schwabenhilfe-fuer-kinder","status":"publish","type":"page","link":"https:\/\/schwabenhilfe.de\/kinder\/geschichte-der-schwabenhilfe-fuer-kinder\/","title":{"rendered":"Geschichte der Schwabenhilfe f\u00fcr Kinder"},"content":{"rendered":"<h1 style=\"text-align: center;\" data-tadv-p=\"keep\">Geschichte der<br \/>\nSchwabenhilfe f\u00fcr Kinder e.V.<\/h1>\n<p>Am 23. Mai 1979 wurde die \u201eSprachbehindertenhilfe Schwaben e. V.\u201c gegr\u00fcndet. Der Verein baute in kurzer Zeit ein fl\u00e4chendeckendes Netz an schulvorbereitenden Einrichtungen auf und siedelte an diesen auch die mobilen sonderp\u00e4dagogischen Hilfen an, welche Kinder in den Regelkinderg\u00e4rten vor Ort betreuen. Weiterhin engagierte sich der Verein als Tr\u00e4ger der privaten Agnes-Wyssach-Schule in Kempten, wo er 2001 ein neues Schulgeb\u00e4ude in Betrieb nahm.<\/p>\n<p>Der Bedarf an gleichartigen Einrichtungen f\u00fcr Kinder mit Verhaltensproblemen und f\u00fcr Kinder, die in ihrer sozialen und emotionalen Entwicklung gef\u00f6rdert werden sollten, wurde sehr schnell deutlich. Aufgrund der damals differenzierten Betrachtungsweise sonderp\u00e4dagogischer Arbeitsfelder wurde ein eigenst\u00e4ndiger Verein gegr\u00fcndet, um auch diese Kinder zu f\u00f6rdern. 1980 wurde somit der Verein \u201eErziehungshilfe Schwaben e. V.\u201c errichtet, im wesentlichen mit den gleichen Mitgliedern wie die \u201eSprachbehindertenhilfe Schwaben e. V.\u201c. Neben der Gr\u00fcndung der Schule zur Erziehungshilfe in Augsburg wurde das Konzept der mobilen Erziehungshilfe auf den Weg gebracht.<\/p>\n<p>Die Entwicklung einer ganzheitlichen Sichtweise im sonderp\u00e4dagogischen Bereich brachte mit sich, dass die Verschmelzung der beiden Vereine vollzogen wurde. Aus dieser Zusammenlegung entstand 1999 der Verein \u201eSchwabenhilfe f\u00fcr Kinder, Verein zur Erziehungshilfe und Sprachf\u00f6rderung e.V.\u201c, die beachtliche Synergieeffekte und damit Ersparnisse bringen k\u00f6nnte. In der Folge hat der Verein die schw\u00e4bische Schullandschaft im Bereich der F\u00f6rderschulen stark gepr\u00e4gt und den mobilen sonderp\u00e4dagogischen Dienst als festes Angebot in den schw\u00e4bischen F\u00f6rderschulen etabliert.<\/p>\n","protected":false},"excerpt":{"rendered":"<p>Geschichte der Schwabenhilfe f\u00fcr Kinder e.V. Am 23. Mai 1979 wurde die \u201eSprachbehindertenhilfe Schwaben e. V.\u201c gegr\u00fcndet. Der Verein baute in kurzer Zeit ein fl\u00e4chendeckendes Netz an schulvorbereitenden Einrichtungen auf [&hellip;]<\/p>\n","protected":false},"author":2,"featured_media":0,"parent":0,"menu_order":0,"comment_status":"closed","ping_status":"closed","template":"","meta":{"footnotes":""},"categories":[1],"tags":[],"class_list":["post-199","page","type-page","status-publish","hentry","category-allgemein"],"_links":{"self":[{"href":"https:\/\/schwabenhilfe.de\/kinder\/wp-json\/wp\/v2\/pages\/199","targetHints":{"allow":["GET"]}}],"collection":[{"href":"https:\/\/schwabenhilfe.de\/kinder\/wp-json\/wp\/v2\/pages"}],"about":[{"href":"https:\/\/schwabenhilfe.de\/kinder\/wp-json\/wp\/v2\/types\/page"}],"author":[{"embeddable":true,"href":"https:\/\/schwabenhilfe.de\/kinder\/wp-json\/wp\/v2\/users\/2"}],"replies":[{"embeddable":true,"href":"https:\/\/schwabenhilfe.de\/kinder\/wp-json\/wp\/v2\/comments?post=199"}],"version-history":[{"count":3,"href":"https:\/\/schwabenhilfe.de\/kinder\/wp-json\/wp\/v2\/pages\/199\/revisions"}],"predecessor-version":[{"id":801,"href":"https:\/\/schwabenhilfe.de\/kinder\/wp-json\/wp\/v2\/pages\/199\/revisions\/801"}],"wp:attachment":[{"href":"https:\/\/schwabenhilfe.de\/kinder\/wp-json\/wp\/v2\/media?parent=199"}],"wp:term":[{"taxonomy":"category","embeddable":true,"href":"https:\/\/schwabenhilfe.de\/kinder\/wp-json\/wp\/v2\/categories?post=199"},{"taxonomy":"post_tag","embeddable":true,"href":"https:\/\/schwabenhilfe.de\/kinder\/wp-json\/wp\/v2\/tags?post=199"}],"curies":[{"name":"wp","href":"https:\/\/api.w.org\/{rel}","templated":true}]}}